{"id":4271,"date":"2026-07-16T13:43:55","date_gmt":"2026-07-16T11:43:55","guid":{"rendered":"https:\/\/bip.teatr-gorzow.pl\/?page_id=4271"},"modified":"2026-07-30T10:03:02","modified_gmt":"2026-07-30T08:03:02","slug":"dostepnosc","status":"publish","type":"page","link":"https:\/\/bip.teatr-gorzow.pl\/index.php\/dostepnosc","title":{"rendered":"DOST\u0118PNO\u015a\u0106"},"content":{"rendered":"<h2>Deklaracja dost\u0119pno\u015bci<\/h2>\n<div>\n<section id=\"a11y-wstep\"><span id=\"a11y-podmiot\"> Teatr im. J. Osterwy w Gorzowie Wlkp.<\/span> zobowi\u0105zuje si\u0119 zapewni\u0107 dost\u0119pno\u015b\u0107 swojej <span id=\"a11y-zakres\">strony internetowej<\/span> zgodnie z przepisami ustawy z dnia 4 kwietnia 2019 r. o dost\u0119pno\u015bci cyfrowej stron internetowych i aplikacji mobilnych podmiot\u00f3w publicznych.Deklaracja dost\u0119pno\u015bci dotyczy strony internetowej <a id=\"a11y-url\" href=\"https:\/\/bip.teatr-gorzow.pl\/\"> https:\/\/bip.teatr-gorzow.pl\/<\/a>.Data publikacji strony internetowej: <time id=\"a11y-data-publikacja\" datetime=\"2012-05-05\">5 maja 2012 <\/time>r. Data ostatniej istotnej aktualizacji: <time id=\"a11y-data-aktualizacja\" datetime=\"2012-05-05\">5 maja 2012 <\/time>r.<\/section>\n<section>\n<h3>Stan dost\u0119pno\u015bci cyfrowej<\/h3>\n<p id=\"a11y-status\"><strong>Strona internetowa jest cz\u0119\u015bciowo zgodna <\/strong>z ustaw\u0105 z dnia 4 kwietnia 2019 r. o dost\u0119pno\u015bci cyfrowej stron internetowych i aplikacji mobilnych podmiot\u00f3w publicznych z powodu niezgodno\u015bci wymienionych poni\u017cej.<\/p>\n<\/section>\n<section>\n<h3>Niedost\u0119pne tre\u015bci<\/h3>\n<h4>Niezgodno\u015b\u0107 z za\u0142\u0105cznikiem<\/h4>\n<p><strong>Wyst\u0119puj\u0105 b\u0142\u0119dy kontrastu. <\/strong> Dotyczy to element\u00f3w budowy strony, kolorystyki czcionki u\u017cytej do zak\u0142adek na stronie. Poprawa dost\u0119pno\u015bci tych element\u00f3w jest realizowana na bie\u017c\u0105co.<\/p>\n<p><strong>Wyst\u0119puje b\u0142\u0119dna struktura nag\u0142\u00f3wkowa w poszczeg\u00f3lnych zak\u0142adkach na stronie. <\/strong> Nag\u0142\u00f3wki poziom\u00f3w h1, h2, h3 s\u0105 niekonsekwentnie zastosowane w poszczeg\u00f3lnych zak\u0142adkach, co wynika z budowy strony. Poprawa tych element\u00f3w zostanie uwzgl\u0119dniona przy kolejnej przebudowie lub istotnej aktualizacji strony.<\/p>\n<section>\n<h3>Przygotowanie deklaracji dost\u0119pno\u015bci i jej aktualizacja<\/h3>\n<ul>\n<li>Data sporz\u0105dzenia deklaracji: <time id=\"a11y-data-sporzadzenie\" datetime=\"2026-03-23\">23 marca 2026 r.<\/time><\/li>\n<li>Data ostatniego przegl\u0105du deklaracji: <time id=\"a11y-data-przeglad\" datetime=\"2026-03-23\">23 marca 2026 r.<\/time><\/li>\n<\/ul>\n<p>Deklaracj\u0119 sporz\u0105dzili\u015bmy na podstawie samooceny w oparciu o <a href=\"https:\/\/www.gov.pl\/attachment\/1a3e2bb5-6d60-4897-ac2f-07a8e91e70ed\">List\u0119 kontroln\u0105 do badania dost\u0119pno\u015bci cyfrowej strony internetowej v. 2.2<\/a> (docx, 0,12MB) oraz program WAVE.<\/p>\n<\/section>\n<section>\n<h3>Informacje zwrotne i dane kontaktowe<\/h3>\n<p>Wszystkie problemy z dost\u0119pno\u015bci\u0105 cyfrow\u0105 strony internetowej mo\u017cesz zg\u0142osi\u0107 do <span id=\"a11y-kontakt\">Ewy Kunickiej<\/span> \u2014 e-mail <a id=\"a11y-email\" href=\"mailto: promocja@teatr-gorzow.pl \">promocja@teatr-gorzow.pl <\/a> lub telefonicznie <a id=\"a11y-telefon\" href=\"tel:957289937\">957289937<\/a>.<\/p>\n<p>Ka\u017cdy ma prawo wyst\u0105pi\u0107 z \u017c\u0105daniem zapewnienia dost\u0119pno\u015bci cyfrowej tej strony internetowej lub jej element\u00f3w.<\/p>\n<p>Zg\u0142aszaj\u0105c takie \u017c\u0105danie podaj:<\/p>\n<ul>\n<li>swoje imi\u0119 i nazwisko,<\/li>\n<li>swoje dane kontaktowe (np. numer telefonu, e-mail),<\/li>\n<li>dok\u0142adny adres strony internetowej, na kt\u00f3rej jest niedost\u0119pny cyfrowo element lub tre\u015b\u0107,<\/li>\n<li>opis na czym polega problem i jaki spos\u00f3b jego rozwi\u0105zania by\u0142by dla Ciebie najwygodniejszy.<\/li>\n<\/ul>\n<p>Na Twoje zg\u0142oszenie odpowiemy najszybciej jak to mo\u017cliwe, nie p\u00f3\u017aniej ni\u017c w ci\u0105gu 7 dni od jego otrzymania.<\/p>\n<p>Je\u017celi ten termin b\u0119dzie dla nas zbyt kr\u00f3tki poinformujemy Ci\u0119 o tym. W tej informacji podamy nowy termin, do kt\u00f3rego poprawimy zg\u0142oszone przez Ciebie b\u0142\u0119dy lub przygotujemy informacje w alternatywny spos\u00f3b. Ten nowy termin nie b\u0119dzie d\u0142u\u017cszy ni\u017c 2 miesi\u0105ce.<\/p>\n<p>Je\u017celi nie b\u0119dziemy w stanie zapewni\u0107 dost\u0119pno\u015bci cyfrowej strony internetowej lub tre\u015bci wskazanej w Twoim \u017c\u0105daniu, zaproponujemy Ci dost\u0119p do nich w alternatywny spos\u00f3b.<\/p>\n<\/section>\n<section id=\"a11y-procedura\">\n<h3>Obs\u0142uga wniosk\u00f3w i skarg zwi\u0105zanych z dost\u0119pno\u015bci\u0105<\/h3>\n<p>W celu u\u0142atwienia z\u0142o\u017cenia \u017c\u0105dania zapewnienia dost\u0119pno\u015bci udost\u0119pniamy <strong>Wniosek o zapewnienie dost\u0119pno\u015bci<\/strong>, na podstawie kt\u00f3rego mo\u017cesz zg\u0142osi\u0107 potrzeb\u0119 zapewnienia dost\u0119pno\u015bci cyfrowej, architektonicznej lub informacyjno-komunikacyjnej. Dokument ten znajduje si\u0119 pod deklaracj\u0105 dost\u0119pno\u015bci. Wniosek nale\u017cy wys\u0142a\u0107 na adres e-mail: <span id=\"a11y-email\"><a href=\"mailto: koordynator@dostepnosci.pl\">koordynator@dostepnosci.pl<\/a>.<\/span><\/p>\n<p>Istnieje r\u00f3wnie\u017c mo\u017cliwo\u015b\u0107 poinformowania nas o braku zapewnienia dost\u0119pno\u015bci cyfrowej, architektonicznej lub informacyjno-komunikacyjnej. Mo\u017cesz w tej sprawie z\u0142o\u017cy\u0107 <strong>Informacj\u0119 o braku dost\u0119pno\u015bci<\/strong>. Dokument ten znajduje si\u0119 pod deklaracj\u0105 dost\u0119pno\u015bci. Informacj\u0119 nale\u017cy wys\u0142a\u0107 na adres e-mail: <span id=\"a11y-email\"><a href=\"mailto: koordynator@dostepnosci.pl\">koordynator@dostepnosci.pl<\/a>.<\/span><\/p>\n<p>Je\u017celi w odpowiedzi na Tw\u00f3j wniosek o zapewnienie dost\u0119pno\u015bci cyfrowej lub architektonicznej czy informacyjno-komunikacyjnej, odm\u00f3wimy zapewnienia \u017c\u0105danej przez Ciebie dost\u0119pno\u015bci, a Ty nie zgadzasz si\u0119 z t\u0105 odmow\u0105, masz prawo z\u0142o\u017cy\u0107 skarg\u0119.<\/p>\n<p>Skarg\u0119 masz prawo z\u0142o\u017cy\u0107 tak\u017ce, je\u015bli nie zgadzasz si\u0119 na skorzystanie z alternatywnego sposobu dost\u0119pu, kt\u00f3ry zaproponowali\u015bmy Ci w odpowiedzi na Tw\u00f3j wniosek o zapewnienie dost\u0119pno\u015bci.<\/p>\n<p>Ewentualn\u0105 skarg\u0119 z\u0142\u00f3\u017c listownie lub mailem do kierownictwa podmiotu:<\/p>\n<ul>\n<li>Dyrektor Teatru im. J. Osterwy w Gorzowie Wlkp.,<\/li>\n<li>Adres: ul. Teatralna 9, 66-400 Gorz\u00f3w Wlkp.,<\/li>\n<li>e-mail: <a href=\"mailto: sekretariat@teatr.zgora.pl \"> sekretariat@teatr-gorzow.pl<\/a>.<\/li>\n<\/ul>\n<p><a href=\"https:\/\/www.gov.pl\/web\/gov\/zloz-wniosek-o-zapewnienie-dostepnosci-cyfrowej-strony-internetowej-lub-aplikacji-mobilnej\">Pomocne mog\u0105 by\u0107 informacje, kt\u00f3re mo\u017cna znale\u017a\u0107 na rz\u0105dowym portalu gov.pl<\/a>.<\/p>\n<p>Mo\u017cesz tak\u017ce poinformowa\u0107 o tej sytuacji <a href=\"https:\/\/bip.brpo.gov.pl\/\"> Rzecznika Praw Obywatelskich<\/a> i poprosi\u0107 o interwencj\u0119 w Twojej sprawie.<\/p>\n<\/section>\n<section>\n<h3>Pozosta\u0142e informacje<\/h3>\n<\/section>\n<section id=\"a11y-architektura\">\n<h4>Dost\u0119pno\u015b\u0107 architektoniczna<\/h4>\n<p><strong>Adres siedziby \u2013 Teatr im. J. Osterwy w Gorzowie Wlkp., ul. Teatralna 9, 66-400 Gorz\u00f3w Wlkp.<\/strong><\/p>\n<p>Parking: znajduje si\u0119 na drugiej stronie ulicy, naprzeciwko teatru. Powierzchnia parkingu nie zosta\u0142a utwardzona, ale wyznaczono jedno miejsce postojowe dla os\u00f3b z niepe\u0142nosprawno\u015bci\u0105.<\/p>\n<p>Wej\u015bcie do budynku: do budynku prowadz\u0105 trzy wej\u015bcia. Wej\u015bcie g\u0142\u00f3wne (od ulicy) nie jest dostosowane do potrzeb os\u00f3b z niepe\u0142nosprawno\u015bci\u0105 \u2013 posiada schody zewn\u0119trzne. Wej\u015bcie od lewej strony nie posiada barier architektonicznych, jednak ju\u017c wewn\u0105trz znajduj\u0105 si\u0119 schody prowadz\u0105ce do holu g\u0142\u00f3wnego. Wej\u015bcie z prawej strony (od ogrodu) zosta\u0142o dostosowane do potrzeb os\u00f3b z ograniczon\u0105 mobilno\u015bci\u0105 ruchow\u0105. Wykonano podjazd (od bramy wej\u015bciowej) do szerokich drzwi bocznych. Wej\u015bcie nie posiada barier architektonicznych.<\/p>\n<p>Dzia\u0142 Promocji i Obs\u0142ugi Widz\u00f3w: na parterze budynku znajduje si\u0119 Dzia\u0142 Promocji i Obs\u0142ugi Widz\u00f3w, kt\u00f3ry zapewnia pomoc i wsparcie dla widz\u00f3w podczas wszystkich spektakli. Pomieszczenia biurowe Teatru znajduj\u0105 si\u0119 na I pi\u0119trze.<\/p>\n<p>Dost\u0119pno\u015b\u0107 komunikacyjna budynku: w budynku nie ma windy, poszczeg\u00f3lne kondygnacje po\u0142\u0105czone s\u0105 schodami, kt\u00f3re zosta\u0142y oznaczone w kontrastowy spos\u00f3b. Scena g\u0142\u00f3wna znajduje si\u0119 na parterze. W budynku dost\u0119pna jest toaleta dostosowana do potrzeb os\u00f3b z niepe\u0142nosprawno\u015bci\u0105 (przy wej\u015bciu od strony ogrodu).<\/p>\n<p>Dost\u0119pno\u015b\u0107 komunikacyjna budynku przy Scenie Letniej: budynek nie jest dostosowany do potrzeb os\u00f3b z niepe\u0142nosprawno\u015bci\u0105, posiada bariery architektoniczne. W budynku nie ma dostosowanej toalety dla os\u00f3b z niepe\u0142nosprawno\u015bci\u0105.<\/p>\n<p>Do budynk\u00f3w i wszystkich jego pomieszcze\u0144 mo\u017cna wej\u015b\u0107 z psem asystuj\u0105cym i psem przewodnikiem.<\/p>\n<p>W przypadku problem\u00f3w z dost\u0119pno\u015bci\u0105 architektoniczn\u0105 mo\u017cesz skontaktowa\u0107 si\u0119 z koordynatorem ds. dost\u0119pno\u015bci pod adresem e-mail: <span id=\"a11y-email\"><a href=\"mailto: koordynator@dostepnosci.pl\">koordynator@dostepnosci.pl<\/a>.<\/span><\/p>\n<\/section>\n<section id=\"a11y-komunikacja\">\n<h4>Dost\u0119pno\u015b\u0107 komunikacyjno-informacyjna<\/h4>\n<p>Podmiot nie posiada informacji w j\u0119zyku Braille\u2019a.<\/p>\n<p>Podmiot nie posiada p\u0119tli indukcyjnych.<\/p>\n<p>W podmiocie nie mo\u017cna skorzysta\u0107 z us\u0142ugi t\u0142umacza j\u0119zyka migowego.<\/p>\n<\/section>\n<section id=\"a11y-aplikacje\">\n<h4>Aplikacje mobilne<\/h4>\n<p>Podmiot nie posiada aplikacji mobilnych.<\/p>\n<p>Dane koordynatora:<\/p>\n<p>Dorota Szyma\u0144ska<br \/>\ntel. 795-939-808<\/p>\n<p><strong>Do pobrania:<\/strong><\/p>\n<p><a href=\"https:\/\/bip.teatr-gorzow.pl\/index.php\/dostepnosc\/informacja-o-braku-dostepnosci-word-30kb\" rel=\"attachment wp-att-4279\">Informacja o braku dost\u0119pno\u015bci\u00a0<\/a><\/p>\n<p><a href=\"https:\/\/bip.teatr-gorzow.pl\/index.php\/dostepnosc\/wniosek-o-zapewnienie-dostepnosci-word-30kb\" rel=\"attachment wp-att-4280\">Wniosek o zapewnienie dost\u0119pno\u015bci\u00a0<\/a><\/p>\n<p>&nbsp;<\/p>\n<\/section>\n<\/section>\n<\/div>\n","protected":false},"excerpt":{"rendered":"<p>Deklaracja dost\u0119pno\u015bci Teatr im. J. Osterwy w Gorzowie Wlkp. zobowi\u0105zuje si\u0119 zapewni\u0107 dost\u0119pno\u015b\u0107 swojej strony internetowej zgodnie z przepisami ustawy z dnia 4 kwietnia 2019 r. o dost\u0119pno\u015bci cyfrowej stron internetowych i aplikacji mobilnych podmiot\u00f3w publicznych.Deklaracja dost\u0119pno\u015bci dotyczy strony internetowej &hellip; <a href=\"https:\/\/bip.teatr-gorzow.pl\/index.php\/dostepnosc\">Czytaj dalej <span class=\"meta-nav\">&rarr;<\/span><\/a><\/p>\n","protected":false},"author":2,"featured_media":0,"parent":0,"menu_order":19,"comment_status":"closed","ping_status":"closed","template":"","meta":{"footnotes":""},"class_list":["post-4271","page","type-page","status-publish","hentry"],"publishpress_future_action":{"enabled":false,"date":"2026-09-07 10:25:44","action":"change-status","newStatus":"draft","terms":[],"taxonomy":""},"publishpress_future_workflow_manual_trigger":{"enabledWorkflows":[]},"_links":{"self":[{"href":"https:\/\/bip.teatr-gorzow.pl\/index.php\/wp-json\/wp\/v2\/pages\/4271","targetHints":{"allow":["GET"]}}],"collection":[{"href":"https:\/\/bip.teatr-gorzow.pl\/index.php\/wp-json\/wp\/v2\/pages"}],"about":[{"href":"https:\/\/bip.teatr-gorzow.pl\/index.php\/wp-json\/wp\/v2\/types\/page"}],"author":[{"embeddable":true,"href":"https:\/\/bip.teatr-gorzow.pl\/index.php\/wp-json\/wp\/v2\/users\/2"}],"replies":[{"embeddable":true,"href":"https:\/\/bip.teatr-gorzow.pl\/index.php\/wp-json\/wp\/v2\/comments?post=4271"}],"version-history":[{"count":7,"href":"https:\/\/bip.teatr-gorzow.pl\/index.php\/wp-json\/wp\/v2\/pages\/4271\/revisions"}],"predecessor-version":[{"id":4283,"href":"https:\/\/bip.teatr-gorzow.pl\/index.php\/wp-json\/wp\/v2\/pages\/4271\/revisions\/4283"}],"wp:attachment":[{"href":"https:\/\/bip.teatr-gorzow.pl\/index.php\/wp-json\/wp\/v2\/media?parent=4271"}],"curies":[{"name":"wp","href":"https:\/\/api.w.org\/{rel}","templated":true}]}}